{"id":7285,"date":"2022-03-12T08:35:31","date_gmt":"2022-03-12T06:35:31","guid":{"rendered":"https:\/\/www.fly-air3.com\/?post_type=ufaq&#038;p=7285"},"modified":"2023-10-20T10:26:48","modified_gmt":"2023-10-20T08:26:48","slug":"is-air3-compatible-with-polarized-glasses","status":"publish","type":"ufaq","link":"https:\/\/www.fly-air3.com\/fr\/ufaqs\/is-air3-compatible-with-polarized-glasses\/","title":{"rendered":"Air\u00b3 est-il compatible avec des lunettes polaris\u00e9es ?"},"content":{"rendered":"<div  class=\"ewd-ufaq-faq-list ewd-ufaq-page-type-load_more ewd-ufaq-category-tabs- ewd-ufaq-faq-category-title-accordion\" id='ewd-ufaq-faq-list'>\n\n\t<input type='hidden' name='show_on_load' value='' id='ewd-ufaq-show-on-load' \/>\n<input type='hidden' name='include_category' value='' id='ewd-ufaq-include-category' \/>\n<input type='hidden' name='exclude_category' value='' id='ewd-ufaq-exclude-category' \/>\n<input type='hidden' name='orderby' value='title' id='ewd-ufaq-orderby' \/>\n<input type='hidden' name='order' value='asc' id='ewd-ufaq-order' \/>\n<input type='hidden' name='post_count' value='-1' id='ewd-ufaq-post-count' \/>\n<input type='hidden' name='current_url' value='\/fr\/wp-json\/wp\/v2\/ufaq\/7285' id='ewd-ufaq-current-url' \/>\n\t\n\t\n\t<div class='ewd-ufaq-faqs'>\n\n\t\t<div  class=\"ewd-ufaq-faq-div ewd-ufaq-faq-column-count-one ewd-ufaq-faq-responsive-columns- ewd-ufaq-faq-display-style-default ewd-ufaq-can-be-toggled\" id='ewd-ufaq-post-7285-TptYRrnJ3Q' data-post_id='7285'>\n\n\t\t\n\t<div class='ewd-ufaq-faq-title ewd-ufaq-faq-toggle'>\n\t\n\t<a class='ewd-ufaq-post-margin'  href='#' role=\"button\">\n\n\t\t<div class='ewd-ufaq-post-margin-symbol ewd-ufaq-square'>\n\t\t\t<span >Un<\/span>\n\t\t<\/div>\n\n\t\t<div class='ewd-ufaq-faq-title-text'>\n\n\t\t\t<h4>\n\t\t\t\tAir\u00b3 est-il compatible avec des lunettes polaris\u00e9es ?\t\t\t<\/h4>\n\n\t\t<\/div>\n\n\t\t<div class='ewd-ufaq-clear'><\/div>\n\n\t<\/a>\n\t\n<\/div>\n\t\n\t<div class='ewd-ufaq-faq-body' >\n\n\t\t\n\t\t\t\n\t\t\n\t\t\t<div class='ewd-ufaq-post-margin ewd-ufaq-faq-post'>\n\t\n<p>Il n'y a aucun probl\u00e8me avec AIR\u00b3 7.1 et AIR\u00b3 7.2.<\/p>\n\n\n\n<p>Avec AIR\u00b3 7.3, la technologie est diff\u00e9rente. Il existe diff\u00e9rentes technologies utilis\u00e9es pour la polarisation.<\/p>\n\n\n\n<p>Avec certaines lunettes polaris\u00e9es, si vous utilisez AIR\u00b3 en mode portrait, il n'y aura aucun probl\u00e8me ; en mode paysage, l'\u00e9cran sera plus sombre. Avec d\u2019autres lunettes polaris\u00e9es, il n\u2019y aura aucun probl\u00e8me. La seule fa\u00e7on de r\u00e9pondre correctement est donc de tester les lunettes avec les AIR\u00b3 7.3.<\/p>\n<\/div>\n\t\t\n\t\t\t<div class='ewd-ufaq-faq-custom-fields'>\n\n\t\n<\/div>\n\t\t\n\t\t\t<div class='ewd-ufaq-faq-categories'>\n\t\n\tCategory:\n\t\n\t\tSpecifications\n\t\n<\/div>\n\t\t\n\t\t\t\n\t\t\n\t\t\t\n\t\t\n\t\t\t\n\t\t\n\t\t\t<div class='ewd-ufaq-permalink'>\n\t\n\t<a href='https:\/\/www.fly-air3.com\/fr\/ufaqs\/is-air3-compatible-with-polarized-glasses\/'>\n\t\t\n\t\t\t\t <div class='ewd-ufaq-permalink-image'><\/div> \t\n\t<\/a>\n\n<\/div>\n\t\t\n\t\t\t\n\t\t\n\t\t\t<div class='ewd-ufaq-back-to-top'>\n\t\n\t<a class='ewd-ufaq-back-to-top-link'>\n\t\tBack to Top\t<\/a>\n\n<\/div>\n\t\t\n\t<\/div>\n\n<\/div>\n\t<\/div>\n\n\t\n<\/div>","protected":false},"excerpt":{"rendered":"<p>A Is Air\u00b3 compatible with polarized glasses? There is no problem with AIR\u00b3 7.1 and AIR\u00b3 7.2. With AIR\u00b3 7.3, the technology is different. There are different technologies used for polarisation. With some polarised glasses, if you use AIR\u00b3 in portrait mode, there will be no problem; in landscape mode, the screen will be darker. <a href=\"https:\/\/www.fly-air3.com\/fr\/ufaqs\/is-air3-compatible-with-polarized-glasses\/\" rel=\"nofollow\"><span class=\"sr-only\">En savoir plus surIs Air\u00b3 compatible with polarized glasses?<\/span>[&hellip;]<\/a><\/p>\n","protected":false},"author":3,"featured_media":0,"comment_status":"closed","ping_status":"closed","template":"","ufaq-category":[4],"ufaq-tag":[],"class_list":["post-7285","ufaq","type-ufaq","status-publish","hentry","ufaq-category-air-specifications"],"yoast_head":"<!-- This site is optimized with the Yoast SEO plugin v27.5 - https:\/\/yoast.com\/product\/yoast-seo-wordpress\/ -->\n<title>Is Air\u00b3 compatible with polarized glasses? - AIR\u00b3<\/title>\n<meta name=\"robots\" content=\"index, follow, max-snippet:-1, max-image-preview:large, max-video-preview:-1\" \/>\n<link rel=\"canonical\" href=\"https:\/\/www.fly-air3.com\/fr\/ufaqs\/is-air3-compatible-with-polarized-glasses\/\" \/>\n<meta property=\"og:locale\" content=\"fr_FR\" \/>\n<meta property=\"og:type\" content=\"article\" \/>\n<meta property=\"og:title\" content=\"Is Air\u00b3 compatible with polarized glasses? - AIR\u00b3\" \/>\n<meta property=\"og:description\" content=\"A Is Air\u00b3 compatible with polarized glasses? There is no problem with AIR\u00b3 7.1 and AIR\u00b3 7.2. With AIR\u00b3 7.3, the technology is different. There are different technologies used for polarisation. With some polarised glasses, if you use AIR\u00b3 in portrait mode, there will be no problem; in landscape mode, the screen will be darker. En savoir plus surIs Air\u00b3 compatible with polarized glasses?[&hellip;]\" \/>\n<meta property=\"og:url\" content=\"https:\/\/www.fly-air3.com\/fr\/ufaqs\/is-air3-compatible-with-polarized-glasses\/\" \/>\n<meta property=\"og:site_name\" content=\"AIR\u00b3\" \/>\n<meta property=\"article:publisher\" content=\"https:\/\/www.facebook.com\/FLYAIRCUBE\/\" \/>\n<meta property=\"article:modified_time\" content=\"2023-10-20T08:26:48+00:00\" \/>\n<meta name=\"twitter:card\" content=\"summary_large_image\" \/>\n<meta name=\"twitter:label1\" content=\"Dur\u00e9e de lecture estim\u00e9e\" \/>\n\t<meta name=\"twitter:data1\" content=\"1 minute\" \/>\n<script type=\"application\/ld+json\" class=\"yoast-schema-graph\">{\"@context\":\"https:\\\/\\\/schema.org\",\"@graph\":[{\"@type\":\"WebPage\",\"@id\":\"https:\\\/\\\/www.fly-air3.com\\\/ufaqs\\\/is-air3-compatible-with-polarized-glasses\\\/\",\"url\":\"https:\\\/\\\/www.fly-air3.com\\\/ufaqs\\\/is-air3-compatible-with-polarized-glasses\\\/\",\"name\":\"Is Air\u00b3 compatible with polarized glasses? - AIR\u00b3\",\"isPartOf\":{\"@id\":\"https:\\\/\\\/www.fly-air3.com\\\/en\\\/#website\"},\"datePublished\":\"2022-03-12T06:35:31+00:00\",\"dateModified\":\"2023-10-20T08:26:48+00:00\",\"breadcrumb\":{\"@id\":\"https:\\\/\\\/www.fly-air3.com\\\/ufaqs\\\/is-air3-compatible-with-polarized-glasses\\\/#breadcrumb\"},\"inLanguage\":\"fr-FR\",\"potentialAction\":[{\"@type\":\"ReadAction\",\"target\":[\"https:\\\/\\\/www.fly-air3.com\\\/ufaqs\\\/is-air3-compatible-with-polarized-glasses\\\/\"]}]},{\"@type\":\"BreadcrumbList\",\"@id\":\"https:\\\/\\\/www.fly-air3.com\\\/ufaqs\\\/is-air3-compatible-with-polarized-glasses\\\/#breadcrumb\",\"itemListElement\":[{\"@type\":\"ListItem\",\"position\":1,\"name\":\"Home\",\"item\":\"https:\\\/\\\/www.fly-air3.com\\\/\"},{\"@type\":\"ListItem\",\"position\":2,\"name\":\"FAQs\",\"item\":\"https:\\\/\\\/www.fly-air3.com\\\/fr\\\/ufaqs\\\/\"},{\"@type\":\"ListItem\",\"position\":3,\"name\":\"Is Air\u00b3 compatible with polarized glasses?\"}]},{\"@type\":\"WebSite\",\"@id\":\"https:\\\/\\\/www.fly-air3.com\\\/en\\\/#website\",\"url\":\"https:\\\/\\\/www.fly-air3.com\\\/en\\\/\",\"name\":\"AIR\u00b3\",\"description\":\"All in one Rugged 7&quot; Android New generation paragliding flight instrument. Vario GPS Livetracking\",\"publisher\":{\"@id\":\"https:\\\/\\\/www.fly-air3.com\\\/en\\\/#organization\"},\"potentialAction\":[{\"@type\":\"SearchAction\",\"target\":{\"@type\":\"EntryPoint\",\"urlTemplate\":\"https:\\\/\\\/www.fly-air3.com\\\/en\\\/?s={search_term_string}\"},\"query-input\":{\"@type\":\"PropertyValueSpecification\",\"valueRequired\":true,\"valueName\":\"search_term_string\"}}],\"inLanguage\":\"fr-FR\"},{\"@type\":\"Organization\",\"@id\":\"https:\\\/\\\/www.fly-air3.com\\\/en\\\/#organization\",\"name\":\"Berfon SPRL\",\"url\":\"https:\\\/\\\/www.fly-air3.com\\\/en\\\/\",\"logo\":{\"@type\":\"ImageObject\",\"inLanguage\":\"fr-FR\",\"@id\":\"https:\\\/\\\/www.fly-air3.com\\\/en\\\/#\\\/schema\\\/logo\\\/image\\\/\",\"url\":\"http:\\\/\\\/www.fly-air3.com\\\/wp-content\\\/uploads\\\/sites\\\/15\\\/2019\\\/04\\\/AIR\u00b3-CARRE_Logo.png\",\"contentUrl\":\"http:\\\/\\\/www.fly-air3.com\\\/wp-content\\\/uploads\\\/sites\\\/15\\\/2019\\\/04\\\/AIR\u00b3-CARRE_Logo.png\",\"width\":600,\"height\":600,\"caption\":\"Berfon SPRL\"},\"image\":{\"@id\":\"https:\\\/\\\/www.fly-air3.com\\\/en\\\/#\\\/schema\\\/logo\\\/image\\\/\"},\"sameAs\":[\"https:\\\/\\\/www.facebook.com\\\/FLYAIRCUBE\\\/\"]}]}<\/script>\n<!-- \/ Yoast SEO plugin. -->","yoast_head_json":{"title":"Is Air\u00b3 compatible with polarized glasses? - AIR\u00b3","robots":{"index":"index","follow":"follow","max-snippet":"max-snippet:-1","max-image-preview":"max-image-preview:large","max-video-preview":"max-video-preview:-1"},"canonical":"https:\/\/www.fly-air3.com\/fr\/ufaqs\/is-air3-compatible-with-polarized-glasses\/","og_locale":"fr_FR","og_type":"article","og_title":"Is Air\u00b3 compatible with polarized glasses? - AIR\u00b3","og_description":"A Is Air\u00b3 compatible with polarized glasses? There is no problem with AIR\u00b3 7.1 and AIR\u00b3 7.2. With AIR\u00b3 7.3, the technology is different. There are different technologies used for polarisation. With some polarised glasses, if you use AIR\u00b3 in portrait mode, there will be no problem; in landscape mode, the screen will be darker. En savoir plus surIs Air\u00b3 compatible with polarized glasses?[&hellip;]","og_url":"https:\/\/www.fly-air3.com\/fr\/ufaqs\/is-air3-compatible-with-polarized-glasses\/","og_site_name":"AIR\u00b3","article_publisher":"https:\/\/www.facebook.com\/FLYAIRCUBE\/","article_modified_time":"2023-10-20T08:26:48+00:00","twitter_card":"summary_large_image","twitter_misc":{"Dur\u00e9e de lecture estim\u00e9e":"1 minute"},"schema":{"@context":"https:\/\/schema.org","@graph":[{"@type":"WebPage","@id":"https:\/\/www.fly-air3.com\/ufaqs\/is-air3-compatible-with-polarized-glasses\/","url":"https:\/\/www.fly-air3.com\/ufaqs\/is-air3-compatible-with-polarized-glasses\/","name":"Is Air\u00b3 compatible with polarized glasses? - AIR\u00b3","isPartOf":{"@id":"https:\/\/www.fly-air3.com\/en\/#website"},"datePublished":"2022-03-12T06:35:31+00:00","dateModified":"2023-10-20T08:26:48+00:00","breadcrumb":{"@id":"https:\/\/www.fly-air3.com\/ufaqs\/is-air3-compatible-with-polarized-glasses\/#breadcrumb"},"inLanguage":"fr-FR","potentialAction":[{"@type":"ReadAction","target":["https:\/\/www.fly-air3.com\/ufaqs\/is-air3-compatible-with-polarized-glasses\/"]}]},{"@type":"BreadcrumbList","@id":"https:\/\/www.fly-air3.com\/ufaqs\/is-air3-compatible-with-polarized-glasses\/#breadcrumb","itemListElement":[{"@type":"ListItem","position":1,"name":"Home","item":"https:\/\/www.fly-air3.com\/"},{"@type":"ListItem","position":2,"name":"FAQs","item":"https:\/\/www.fly-air3.com\/fr\/ufaqs\/"},{"@type":"ListItem","position":3,"name":"Is Air\u00b3 compatible with polarized glasses?"}]},{"@type":"WebSite","@id":"https:\/\/www.fly-air3.com\/en\/#website","url":"https:\/\/www.fly-air3.com\/en\/","name":"AIR\u00b3","description":"All in one Rugged 7&quot; Android New generation paragliding flight instrument. Vario GPS Livetracking","publisher":{"@id":"https:\/\/www.fly-air3.com\/en\/#organization"},"potentialAction":[{"@type":"SearchAction","target":{"@type":"EntryPoint","urlTemplate":"https:\/\/www.fly-air3.com\/en\/?s={search_term_string}"},"query-input":{"@type":"PropertyValueSpecification","valueRequired":true,"valueName":"search_term_string"}}],"inLanguage":"fr-FR"},{"@type":"Organization","@id":"https:\/\/www.fly-air3.com\/en\/#organization","name":"Berfon SPRL","url":"https:\/\/www.fly-air3.com\/en\/","logo":{"@type":"ImageObject","inLanguage":"fr-FR","@id":"https:\/\/www.fly-air3.com\/en\/#\/schema\/logo\/image\/","url":"http:\/\/www.fly-air3.com\/wp-content\/uploads\/sites\/15\/2019\/04\/AIR\u00b3-CARRE_Logo.png","contentUrl":"http:\/\/www.fly-air3.com\/wp-content\/uploads\/sites\/15\/2019\/04\/AIR\u00b3-CARRE_Logo.png","width":600,"height":600,"caption":"Berfon SPRL"},"image":{"@id":"https:\/\/www.fly-air3.com\/en\/#\/schema\/logo\/image\/"},"sameAs":["https:\/\/www.facebook.com\/FLYAIRCUBE\/"]}]}},"_links":{"self":[{"href":"https:\/\/www.fly-air3.com\/fr\/wp-json\/wp\/v2\/ufaq\/7285","targetHints":{"allow":["GET"]}}],"collection":[{"href":"https:\/\/www.fly-air3.com\/fr\/wp-json\/wp\/v2\/ufaq"}],"about":[{"href":"https:\/\/www.fly-air3.com\/fr\/wp-json\/wp\/v2\/types\/ufaq"}],"author":[{"embeddable":true,"href":"https:\/\/www.fly-air3.com\/fr\/wp-json\/wp\/v2\/users\/3"}],"replies":[{"embeddable":true,"href":"https:\/\/www.fly-air3.com\/fr\/wp-json\/wp\/v2\/comments?post=7285"}],"wp:attachment":[{"href":"https:\/\/www.fly-air3.com\/fr\/wp-json\/wp\/v2\/media?parent=7285"}],"wp:term":[{"taxonomy":"ufaq-category","embeddable":true,"href":"https:\/\/www.fly-air3.com\/fr\/wp-json\/wp\/v2\/ufaq-category?post=7285"},{"taxonomy":"ufaq-tag","embeddable":true,"href":"https:\/\/www.fly-air3.com\/fr\/wp-json\/wp\/v2\/ufaq-tag?post=7285"}],"curies":[{"name":"wp","href":"https:\/\/api.w.org\/{rel}","templated":true}]}}